{"id":241,"date":"2022-02-01T10:18:59","date_gmt":"2022-02-01T10:18:59","guid":{"rendered":"https:\/\/inovhumre.iscte-iul.pt\/?page_id=241"},"modified":"2022-02-02T09:22:20","modified_gmt":"2022-02-02T09:22:20","slug":"fundacao-getulio-vargas","status":"publish","type":"page","link":"https:\/\/inovhumre.iscte-iul.pt\/index.php\/parceiros\/fundacao-getulio-vargas\/","title":{"rendered":"Funda\u00e7\u00e3o Get\u00falio Vargas"},"content":{"rendered":"\n<div class=\"wp-block-media-text alignwide is-stacked-on-mobile is-vertically-aligned-top\" style=\"grid-template-columns:42% auto\"><figure class=\"wp-block-media-text__media\"><a href=\"https:\/\/portal.fgv.br\/\"><img loading=\"lazy\" decoding=\"async\" width=\"1024\" height=\"682\" src=\"https:\/\/inovhumre.iscte-iul.pt\/wp-content\/uploads\/2022\/02\/FGV_Institucao2-1-1024x682.jpg\" alt=\"\" class=\"wp-image-358 size-full\" srcset=\"https:\/\/inovhumre.iscte-iul.pt\/wp-content\/uploads\/2022\/02\/FGV_Institucao2-1-1024x682.jpg 1024w, https:\/\/inovhumre.iscte-iul.pt\/wp-content\/uploads\/2022\/02\/FGV_Institucao2-1-300x200.jpg 300w, https:\/\/inovhumre.iscte-iul.pt\/wp-content\/uploads\/2022\/02\/FGV_Institucao2-1-768x512.jpg 768w, https:\/\/inovhumre.iscte-iul.pt\/wp-content\/uploads\/2022\/02\/FGV_Institucao2-1-750x500.jpg 750w, https:\/\/inovhumre.iscte-iul.pt\/wp-content\/uploads\/2022\/02\/FGV_Institucao2-1.jpg 1300w\" sizes=\"auto, (max-width: 1024px) 100vw, 1024px\" \/><\/a><\/figure><div class=\"wp-block-media-text__content\">\n<blockquote class=\"wp-block-quote is-layout-flow wp-block-quote-is-layout-flow\"><p>A<a href=\"https:\/\/portal.fgv.br\/\" data-type=\"URL\" data-id=\"https:\/\/portal.fgv.br\/\"> Funda\u00e7\u00e3o Getulio Varga<\/a>s \u00e9 o 3\u00ba think tank no ranking a n\u00edvel mundial, de acordo com o \u00edndice do Global Go To Think Tanks, apresentado pela Universidade da Pensilv\u00e2nia. A Escola de Ci\u00eancias Sociais (FGV \u2013 CPDOC) \u00e9 o maior centro para o ensino e pesquisa de Ci\u00eancias Sociais e Hist\u00f3ria Contempor\u00e2nea localizada no Rio de Janeiro. Em 1973, o CPDOC foi criado como um centro de pesquisa e documenta\u00e7\u00e3o da hist\u00f3ria contempor\u00e2nea do Brasil. <\/p><p>Hoje em dia, acolhe uma vasta sele\u00e7\u00e3o de arquivos pessoais, entrevistas e material audiovisual, contando com mais de 2 milh\u00f5es de grava\u00e7\u00f5es abrangendo um leque vasto de temas, incluindo pol\u00edtica, economia, movimentos sociais, pol\u00edticas publicas e rela\u00e7\u00f5es internacionais. Oferecemos licenciaturas e p\u00f3s-gradua\u00e7\u00f5es e providenciamos v\u00e1rias atividades educacionais cont\u00ednuas. O ensino \u00e9 conscientemente inclu\u00eddo como parte integrante das agendas de pesquisa dos colaboradores da faculdade.<\/p><\/blockquote>\n<\/div><\/div>\n\n\n\n<p><strong><span class=\"has-inline-color has-vivid-cyan-blue-color\">EQUIPA<\/span><\/strong><\/p>\n\n\n\n<div class=\"wp-block-media-text alignwide is-stacked-on-mobile\" style=\"grid-template-columns:18% auto\"><figure class=\"wp-block-media-text__media\"><img loading=\"lazy\" decoding=\"async\" width=\"1024\" height=\"682\" src=\"https:\/\/inovhumre.iscte-iul.pt\/wp-content\/uploads\/2022\/02\/Eduardo-Mello-1024x682.jpeg\" alt=\"\" class=\"wp-image-360 size-full\" srcset=\"https:\/\/inovhumre.iscte-iul.pt\/wp-content\/uploads\/2022\/02\/Eduardo-Mello-1024x682.jpeg 1024w, https:\/\/inovhumre.iscte-iul.pt\/wp-content\/uploads\/2022\/02\/Eduardo-Mello-300x200.jpeg 300w, https:\/\/inovhumre.iscte-iul.pt\/wp-content\/uploads\/2022\/02\/Eduardo-Mello-768x512.jpeg 768w, https:\/\/inovhumre.iscte-iul.pt\/wp-content\/uploads\/2022\/02\/Eduardo-Mello-750x500.jpeg 750w, https:\/\/inovhumre.iscte-iul.pt\/wp-content\/uploads\/2022\/02\/Eduardo-Mello.jpeg 1280w\" sizes=\"auto, (max-width: 1024px) 100vw, 1024px\" \/><\/figure><div class=\"wp-block-media-text__content\">\n<p><strong>Eduardo Mello<\/strong> \u00e9 professor assistente de Pol\u00edtica e Rela\u00e7\u00f5es Internacionais na Funda\u00e7\u00e3o Getulio Vargas, Brasil. Atualmente \u00e9 o Coordenador do Programa de Licenciatura na Escola de Rela\u00e7\u00f5es Internacionais. As suas \u00e1reas de interesse de investiga\u00e7\u00e3o incluem governan\u00e7a, redu\u00e7\u00e3o de pobreza, a pol\u00edtica econ\u00f3mica na educa\u00e7\u00e3o, fornecimento de bens p\u00fablicos e corrup\u00e7\u00e3o na pol\u00edtica. O Dr. Mello est\u00e1 atualmente a trabalhar num projeto de investiga\u00e7\u00e3o em larga escala sobre como os fatores pol\u00edticos e econ\u00f3micos impulsionam os n\u00edveis de corrup\u00e7\u00e3o pol\u00edtica nas novas democracias. Recebeu o seu Ph.D. na London School of Economics.<\/p>\n<\/div><\/div>\n\n\n\n<div class=\"wp-block-media-text alignwide is-stacked-on-mobile\" style=\"grid-template-columns:18% auto\"><figure class=\"wp-block-media-text__media\"><img loading=\"lazy\" decoding=\"async\" width=\"1024\" height=\"576\" src=\"https:\/\/inovhumre.iscte-iul.pt\/wp-content\/uploads\/2022\/02\/Celso-Castro-2022a.jpeg\" alt=\"\" class=\"wp-image-361 size-full\" srcset=\"https:\/\/inovhumre.iscte-iul.pt\/wp-content\/uploads\/2022\/02\/Celso-Castro-2022a.jpeg 1024w, https:\/\/inovhumre.iscte-iul.pt\/wp-content\/uploads\/2022\/02\/Celso-Castro-2022a-300x169.jpeg 300w, https:\/\/inovhumre.iscte-iul.pt\/wp-content\/uploads\/2022\/02\/Celso-Castro-2022a-768x432.jpeg 768w, https:\/\/inovhumre.iscte-iul.pt\/wp-content\/uploads\/2022\/02\/Celso-Castro-2022a-750x422.jpeg 750w\" sizes=\"auto, (max-width: 1024px) 100vw, 1024px\" \/><\/figure><div class=\"wp-block-media-text__content\">\n<p><strong>Celso Castro<\/strong> \u00e9 o Reitor da Escola de Ci\u00eancias Sociais da Funda\u00e7\u00e3o Getulio Vargas. Recebeu o seu Ph.D em Antropologia Social do Museu Nacional\/UFRJ, Brasil (1995) e frequento tamb\u00e9m a Universidade da Florida, Universidade de Oxford e o El Colegio no M\u00e9xico. \u00c9 membro do Conselho Consultivo do projeto de Arquivo de Liberdade de Informa\u00e7\u00e3o (FOIArchive), localizado na Universidade da Columbia (2019 \u2013 2020) e foi membro do Comit\u00e9 Executivo da Associa\u00e7\u00e3o de Estudos do Brasil (BRASA)<\/p>\n<\/div><\/div>\n","protected":false},"excerpt":{"rendered":"<p>A Funda\u00e7\u00e3o Getulio Vargas \u00e9 o 3\u00ba think tank no ranking a n\u00edvel mundial, de acordo com o \u00edndice do Global Go To Think Tanks, apresentado pela Universidade da Pensilv\u00e2nia. A Escola de Ci\u00eancias Sociais (FGV \u2013 CPDOC) \u00e9 o maior centro para o ensino e pesquisa de Ci\u00eancias Sociais e Hist\u00f3ria Contempor\u00e2nea localizada no&hellip;<a href=\"https:\/\/inovhumre.iscte-iul.pt\/index.php\/parceiros\/fundacao-getulio-vargas\/\" class=\"more-link\">Continue reading <span class=\"screen-reader-text\">Funda\u00e7\u00e3o Get\u00falio Vargas<\/span><\/a><\/p>\n","protected":false},"author":3,"featured_media":0,"parent":25,"menu_order":9,"comment_status":"closed","ping_status":"closed","template":"","meta":{"footnotes":""},"class_list":["post-241","page","type-page","status-publish","hentry"],"_links":{"self":[{"href":"https:\/\/inovhumre.iscte-iul.pt\/index.php\/wp-json\/wp\/v2\/pages\/241","targetHints":{"allow":["GET"]}}],"collection":[{"href":"https:\/\/inovhumre.iscte-iul.pt\/index.php\/wp-json\/wp\/v2\/pages"}],"about":[{"href":"https:\/\/inovhumre.iscte-iul.pt\/index.php\/wp-json\/wp\/v2\/types\/page"}],"author":[{"embeddable":true,"href":"https:\/\/inovhumre.iscte-iul.pt\/index.php\/wp-json\/wp\/v2\/users\/3"}],"replies":[{"embeddable":true,"href":"https:\/\/inovhumre.iscte-iul.pt\/index.php\/wp-json\/wp\/v2\/comments?post=241"}],"version-history":[{"count":5,"href":"https:\/\/inovhumre.iscte-iul.pt\/index.php\/wp-json\/wp\/v2\/pages\/241\/revisions"}],"predecessor-version":[{"id":545,"href":"https:\/\/inovhumre.iscte-iul.pt\/index.php\/wp-json\/wp\/v2\/pages\/241\/revisions\/545"}],"up":[{"embeddable":true,"href":"https:\/\/inovhumre.iscte-iul.pt\/index.php\/wp-json\/wp\/v2\/pages\/25"}],"wp:attachment":[{"href":"https:\/\/inovhumre.iscte-iul.pt\/index.php\/wp-json\/wp\/v2\/media?parent=241"}],"curies":[{"name":"wp","href":"https:\/\/api.w.org\/{rel}","templated":true}]}}