{"id":229,"date":"2022-02-01T10:13:49","date_gmt":"2022-02-01T10:13:49","guid":{"rendered":"https:\/\/inovhumre.iscte-iul.pt\/?page_id=229"},"modified":"2022-05-02T11:10:42","modified_gmt":"2022-05-02T11:10:42","slug":"fundacion-magtel","status":"publish","type":"page","link":"https:\/\/inovhumre.iscte-iul.pt\/index.php\/parceiros\/fundacion-magtel\/","title":{"rendered":"Fundac\u00edon Magtel"},"content":{"rendered":"\n<div class=\"wp-block-media-text alignwide is-stacked-on-mobile is-vertically-aligned-top\" style=\"grid-template-columns:40% auto\"><figure class=\"wp-block-media-text__media\"><a href=\"https:\/\/www.fundacionmagtel.es\/\"><img loading=\"lazy\" decoding=\"async\" width=\"198\" height=\"63\" src=\"https:\/\/inovhumre.iscte-iul.pt\/wp-content\/uploads\/2022\/02\/logoFM.png\" alt=\"\" class=\"wp-image-376 size-full\"\/><\/a><\/figure><div class=\"wp-block-media-text__content\">\n<p>A <a href=\"https:\/\/www.fundacionmagtel.es\/\" data-type=\"URL\" data-id=\"https:\/\/www.fundacionmagtel.es\/\">Funda\u00e7\u00e3o Magtel<\/a> \u00e9 uma organiza\u00e7\u00e3o n\u00e3o-governamental localizada no sul de Espanha, Comunidade de Andaluzia, na Prov\u00edncia de C\u00f3rdoba. Foi fundada e m 2012 com o objetivo de melhorar o conhecimento sobre telecomunica\u00e7\u00f5es e empregabilidade de p\u00fablicos vulner\u00e1veis atrav\u00e9s de a\u00e7\u00f5es de forma\u00e7\u00e3o com recurso a metodologias de ensino inovadoras.<\/p>\n\n\n\n<p>A nossa equipa, composta por 5 pessoas, trabalha em contextos com elevadas taxas de desemprego e pobreza. Assim, reduzir a taxa de desemprego e aumentar a forma\u00e7\u00e3o profissional \u00e9 o objetivo principal da nossa organiza\u00e7\u00e3o.<\/p>\n\n\n\n<p>As nossas \u00e1reas de especializa\u00e7\u00e3o incluem:<\/p>\n\n\n\n<p>&#8211; Estrutura\u00e7\u00e3o e desenvolvimento de projetos de A\u00e7\u00e3o Humanit\u00e1ria e Coopera\u00e7\u00e3o para o Desenvolvimento, desenvolvidos maioritariamente no Peru, mas tamb\u00e9m em Chefchaouen (Morrocos). No total, foram desenvolvidos oito projetos desde 2014 at\u00e9 ao presente<\/p>\n\n\n\n<p>&#8211; Gest\u00e3o de Ensino atrav\u00e9s de plataformas de e-learning<\/p>\n\n\n\n<p>&#8211; Estrutura\u00e7\u00e3o de programas de forma\u00e7\u00e3o com o objetivo de formar grupos em risco de exclus\u00e3o social, no desenvolvimento do perfil profissional &#8220;Installer of optical fiber reaching homes (FTTH)&#8221;<\/p>\n\n\n\n<p>&#8211; Estrutura\u00e7\u00e3o de programas de forma\u00e7\u00e3o com o objetivo de qualificar profissionalmente grupos em risco de exclus\u00e3o em \u00e1reas relacionadas com as Energias Renov\u00e1veis<\/p>\n\n\n\n<p>&#8211; Estrutura\u00e7\u00e3o de metodologias inovadoras em prol do processo ensino-aprendizagem em contextos reais de trabalho relacionados com Telecomunica\u00e7\u00f5es e Energias Renov\u00e1veis<\/p>\n\n\n\n<p>&#8211; Estrat\u00e9gias inovadoras de aprendizagem na era digital<\/p>\n\n\n\n<p>&#8211; Dissemina\u00e7\u00e3o e comunica\u00e7\u00e3o de Planos de Forma\u00e7\u00e3o<\/p>\n\n\n\n<p>A Funda\u00e7\u00e3o Magtel \u00e9 uma organiza\u00e7\u00e3o com uma vasta experi\u00eancia em Forma\u00e7\u00e3o Profissional, desde 2012, com 4000 alunos formados e com um total de 1,394,652 horas de ensino. Temos uma vasta experi\u00eancia no setor da Educa\u00e7\u00e3o, os nossos programas de ensino e forma\u00e7\u00e3o apoiaram pessoas em risco de exclus\u00e3o social, providenciado a estes grupos fortes compet\u00eancias para prossecu\u00e7\u00e3o dos seus objetivos de emprego. As nossas principais atividades s\u00e3o:<\/p>\n\n\n\n<p>&#8211; Programas de Inicia\u00e7\u00e3o ao Empreendedorismo para jovens sem experi\u00eancia profissional: nos \u00faltimos 3 anos, 90 pessoas participaram no nosso programa de bolsas, 53% dos quais foram integrados ap\u00f3s terem terminado os programas<\/p>\n\n\n\n<p>&#8211; Programas de Forma\u00e7\u00e3o Pr\u00e1tica em Empresas em coopera\u00e7\u00e3o com centros educacionais (87 escolas de ensino secund\u00e1rios, 23 Universidades): nos \u00faltimos 5 anos, 253 alunos completaram os seus est\u00e1gios<\/p>\n\n\n\n<p>&#8211; Programas de Interesse Geral e Social: nos \u00faltimos 8 anos participaram 66 pessoas, direcionados para rec\u00e9m-licenciados que estejam desempregados por um longo per\u00edodo<\/p>\n<\/div><\/div>\n\n\n\n<div style=\"height:80px\" aria-hidden=\"true\" class=\"wp-block-spacer\"><\/div>\n\n\n\n<p><strong>Adri\u00e1n Fern\u00e1ndez C\u00e1rdenas<\/strong><\/p>\n\n\n\n<p><\/p>\n\n\n\n<p>Licenciado em Ci\u00eancias Ambientais pela Universidade de C\u00f3rdoba e T\u00e9cnico e Preven\u00e7\u00e3o de Riscos Ocupacionais com especializa\u00e7\u00e3o em Seguran\u00e7a, Higiene industrial e Ergonomia. Tem especializa\u00e7\u00e3o em Gest\u00e3o e Administra\u00e7\u00e3o de Entidades sem Fins lucrativos, na \u00e1rea da Gest\u00e3o da Qualidade assim como em Gest\u00e3o de Compet\u00eancias e Recursos Humanos. Come\u00e7ou a trabalhar na \u00e1rea da qualidade e foi t\u00e9cnico de Ambiente e Preven\u00e7\u00e3o de Riscos Ocupacionais em diferentes entidades. Desde 2004 tem sido respons\u00e1vel pela \u00e1rea de forma\u00e7\u00e3o no Grupo Magtel onde lidera, entre outros programas de forma\u00e7\u00e3o, o programa de Forma\u00e7\u00e3o continua para os trabalhadores do grupo, bem como ensino profissional para o emprego em colabora\u00e7\u00e3o com diversos servi\u00e7os p\u00fablicos (Munic\u00edpio de Andaluzia, Governo da Extremadura, Comunidade de Madrid e o Minist\u00e9rio do Emprego de Espanha)<\/p>\n\n\n\n<div style=\"height:56px\" aria-hidden=\"true\" class=\"wp-block-spacer\"><\/div>\n\n\n\n<p><strong>Roc\u00edo Ciero Reche<\/strong> <\/p>\n\n\n\n<p>Licenciada em Servi\u00e7o Social pela Universidade de Pablo de Olavide (Sevilla) e em Ci\u00eancias do Trabalho pela Universidade das Ci\u00eancias do Trabalho de C\u00f3rdoba. Tem trabalhado no apoio ao Home Help Service e tamb\u00e9m na Coordena\u00e7\u00e3o do N\u00facleo de Sevilha do Servi\u00e7o de Apoio \u00e0s Mulheres V\u00edtimas de Viol\u00eancia de G\u00e9nero (TAMV Sevilha) para a empresa EULEN SOCIOSANITARIOS SL. \u00c9 coordenadora de projetos de Coopera\u00e7\u00e3o Internacional e Gestora de Fundos Nacionais na Funda\u00e7\u00e3o Magtel.<\/p>\n\n\n\n<div style=\"height:65px\" aria-hidden=\"true\" class=\"wp-block-spacer\"><\/div>\n\n\n\n<p><strong>Ana Rold\u00e1n \u00c1lvarez <\/strong><\/p>\n\n\n\n<p>Licenciada em Rela\u00e7\u00f5es Internacionais pela Universidade Loyola Andaluc\u00eda e especialista em Com\u00e9rcio Internacional. Tem interesse em assuntos relacionados com o g\u00e9nero, coopera\u00e7\u00e3o internacional e desenvolvimento sustent\u00e1vel. Tem tamb\u00e9m interesse no terceiro setor e atualmente \u00e9 estagi\u00e1ria, estando respons\u00e1vel pelos Projetos Europeus da Funda\u00e7\u00e3o.<\/p>\n","protected":false},"excerpt":{"rendered":"<p>A Funda\u00e7\u00e3o Magtel \u00e9 uma organiza\u00e7\u00e3o n\u00e3o-governamental localizada no sul de Espanha, Comunidade de Andaluzia, na Prov\u00edncia de C\u00f3rdoba. Foi fundada e m 2012 com o objetivo de melhorar o conhecimento sobre telecomunica\u00e7\u00f5es e empregabilidade de p\u00fablicos vulner\u00e1veis atrav\u00e9s de a\u00e7\u00f5es de forma\u00e7\u00e3o com recurso a metodologias de ensino inovadoras. A nossa equipa, composta por&hellip;<a href=\"https:\/\/inovhumre.iscte-iul.pt\/index.php\/parceiros\/fundacion-magtel\/\" class=\"more-link\">Continue reading <span class=\"screen-reader-text\">Fundac\u00edon Magtel<\/span><\/a><\/p>\n","protected":false},"author":3,"featured_media":0,"parent":25,"menu_order":4,"comment_status":"closed","ping_status":"closed","template":"","meta":{"footnotes":""},"class_list":["post-229","page","type-page","status-publish","hentry"],"_links":{"self":[{"href":"https:\/\/inovhumre.iscte-iul.pt\/index.php\/wp-json\/wp\/v2\/pages\/229","targetHints":{"allow":["GET"]}}],"collection":[{"href":"https:\/\/inovhumre.iscte-iul.pt\/index.php\/wp-json\/wp\/v2\/pages"}],"about":[{"href":"https:\/\/inovhumre.iscte-iul.pt\/index.php\/wp-json\/wp\/v2\/types\/page"}],"author":[{"embeddable":true,"href":"https:\/\/inovhumre.iscte-iul.pt\/index.php\/wp-json\/wp\/v2\/users\/3"}],"replies":[{"embeddable":true,"href":"https:\/\/inovhumre.iscte-iul.pt\/index.php\/wp-json\/wp\/v2\/comments?post=229"}],"version-history":[{"count":6,"href":"https:\/\/inovhumre.iscte-iul.pt\/index.php\/wp-json\/wp\/v2\/pages\/229\/revisions"}],"predecessor-version":[{"id":673,"href":"https:\/\/inovhumre.iscte-iul.pt\/index.php\/wp-json\/wp\/v2\/pages\/229\/revisions\/673"}],"up":[{"embeddable":true,"href":"https:\/\/inovhumre.iscte-iul.pt\/index.php\/wp-json\/wp\/v2\/pages\/25"}],"wp:attachment":[{"href":"https:\/\/inovhumre.iscte-iul.pt\/index.php\/wp-json\/wp\/v2\/media?parent=229"}],"curies":[{"name":"wp","href":"https:\/\/api.w.org\/{rel}","templated":true}]}}